{"id":4085,"date":"2019-09-25T15:29:58","date_gmt":"2019-09-25T14:29:58","guid":{"rendered":"http:\/\/www.ffct-codep35.org\/?page_id=4085"},"modified":"2020-03-28T19:03:35","modified_gmt":"2020-03-28T18:03:35","slug":"territoire-velo","status":"publish","type":"page","link":"https:\/\/www.ffct-codep35.org\/?page_id=4085","title":{"rendered":"Territoire V\u00e9lo"},"content":{"rendered":"<p>&nbsp;<\/p>\n<h2 class=\"sc_chapeau sc_bleu\">Qu\u2019est-ce qu\u2019un Territoire V\u00e9lo ?<\/h2>\n<h4>C\u2019est une collectivit\u00e9 territoriale (commune, communaut\u00e9 de communes, communaut\u00e9 d\u2019agglom\u00e9ration, communaut\u00e9 urbaine et m\u00e9tropole) qui est engag\u00e9e pour la mobilit\u00e9 \u00e0 v\u00e9lo et qui favorise les pratiques de loisirs, touristiques, de d\u00e9placement quotidien\u2026 \u00catre&nbsp;<strong><em>Territoire V\u00e9lo<\/em><\/strong>, c\u2019est offrir \u00e0 la fois des am\u00e9nagements s\u00e9curis\u00e9s, des \u00e9quipements techniques (stationnements, haltes v\u00e9lo\u2026) mais aussi un panel de services sp\u00e9cifiques au v\u00e9lo (point d\u2019information, d\u2019alimentation, d\u2019h\u00e9bergement, de location et de r\u00e9paration, intermodalit\u00e9\u2026). \u00catre&nbsp;<strong><em>Territoire V\u00e9lo<\/em><\/strong>, c\u2019est proposer des circuits v\u00e9lo qui soient accessibles \u00e0 divers types de publics (familles, pratiquants occasionnels et r\u00e9guliers) et de niveaux vari\u00e9s pour partir \u00e0 la d\u00e9couverte de la r\u00e9gion. \u00catre&nbsp;<strong><em>Territoire V\u00e9lo<\/em><\/strong>, c\u2019est animer son territoire avec des \u00e9v\u00e9nements et animations v\u00e9lo tout en mettant en valeur son patrimoine (historique, architectural, culturel et naturel\u2026). \u00catre&nbsp;<strong><em>Territoire V\u00e9lo<\/em><\/strong>, c\u2019est s\u2019inscrire dans le d\u00e9veloppement \u00e9conomique et durable. Le label invite les acteurs locaux \u00e0 s\u2019impliquer dans une d\u00e9marche \u00e9cologique et \u00e0 participer au dynamisme du territoire.<\/h4>\n<h4>En Ille-et-Vilaine, Combourg, Dol de Bretagne et le Pays de St M\u00e9en-Montauban ont le label \u00ab\u00a0Territoire v\u00e9lo\u00a0\u00bb.<\/h4>\n<h3>&nbsp;<\/h3>\n<h1 style=\"text-align: center;\"><span style=\"text-decoration: underline;\"><strong>Combourg<\/strong><\/span><\/h1>\n<h3 style=\"text-align: center;\"><span style=\"text-decoration: underline;\">Liens<\/span><\/h3>\n<p style=\"text-align: center;\"><a href=\"https:\/\/veloenfrance.fr\/labels-velo?id_poi=1401\" target=\"_blank\" rel=\"noopener noreferrer\"><img loading=\"lazy\" decoding=\"async\" class=\"wp-image-4090 aligncenter\" src=\"https:\/\/www.ffct-codep35.org\/wp-content\/uploads\/2019\/09\/Territoir-v\u00e9lo.jpg\" alt=\"\" width=\"89\" height=\"53\"><\/a><\/p>\n<h5 style=\"text-align: center;\"><span style=\"color: #339966;\"><a style=\"color: #339966;\" href=\"https:\/\/www.combourg.com\/index.php\/combourg-en-bref\/office-de-tourisme\" target=\"_blank\" rel=\"noopener noreferrer\">Office de tourisme de Combourg<\/a><\/span><\/h5>\n<h3 style=\"text-align: center;\"><span style=\"text-decoration: underline;\">Contact<\/span><\/h3>\n<h3 style=\"text-align: center;\"><strong>MAIRIE DE COMBOURG<\/strong><\/h3>\n<p style=\"text-align: center;\">Rue de la Mairie &#8211;&nbsp;35270 COMBOURG<\/p>\n<p style=\"text-align: center;\">T\u00e9l : 02.99.73.00.18<\/p>\n<p style=\"text-align: center;\">Courriel :&nbsp;<a href=\"mailto:mairie@combourg.com\" rel=\"alternate\">mairie@combourg.com<\/a><\/p>\n<p style=\"text-align: center;\">&nbsp;<\/p>\n<h1 style=\"text-align: center;\"><span style=\"text-decoration: underline;\"><strong>Dol-de-Bretagne<\/strong><\/span><\/h1>\n<h3 style=\"text-align: center;\"><span style=\"text-decoration: underline;\">Liens<\/span><\/h3>\n<p style=\"text-align: center;\"><a href=\"https:\/\/veloenfrance.fr\/labels-velo?id_poi=10634\" target=\"_blank\" rel=\"noopener noreferrer\"><img loading=\"lazy\" decoding=\"async\" class=\"wp-image-4090 aligncenter\" src=\"https:\/\/www.ffct-codep35.org\/wp-content\/uploads\/2019\/09\/Territoir-v\u00e9lo.jpg\" alt=\"\" width=\"89\" height=\"53\"><\/a><\/p>\n<h5 style=\"text-align: center;\"><strong><span style=\"color: #339966;\"><a style=\"color: #339966;\" href=\"https:\/\/www.saint-malo-tourisme.com\/\" target=\"_blank\" rel=\"noopener noreferrer\">Office de tourisme du Pays-de-Dol<\/a><\/span><\/strong><\/h5>\n<h5 style=\"text-align: center;\"><strong><span style=\"color: #339966;\"><a style=\"color: #339966;\" href=\"https:\/\/www.saint-malo-tourisme.com\/balades\/balades-velo\" target=\"_blank\" rel=\"noopener noreferrer\">Circuits v\u00e9lo<\/a><\/span><\/strong><\/h5>\n<h3 style=\"text-align: center;\"><span style=\"text-decoration: underline;\">Contact<\/span><\/h3>\n<p style=\"text-align: center;\">Office de tourisme du Pays de la Baie du Mont-Saint-Michel<\/p>\n<p style=\"text-align: center;\">5, Place de la Cath\u00e9drale, 35120, Dol-de-Bretagne<\/p>\n<p style=\"text-align: center;\"><a class=\"a-white\" href=\"tel:02 99 48 15 37\">02 99 48 15 37<\/a><\/p>\n<p style=\"text-align: center;\"><a class=\"a-white\" href=\"mailto:info@pays-de-dol.com\">info@pays-de-dol.com<\/a><\/p>\n<p>&nbsp;<\/p>\n<h1 style=\"text-align: center;\"><span style=\"text-decoration: underline;\">Pays de St M\u00e9en-Montauban<\/span><\/h1>\n<h3 style=\"text-align: center;\"><span style=\"text-decoration: underline;\">Liens<\/span><\/h3>\n<p><a href=\"https:\/\/veloenfrance.fr\/labels-velo?id_poi=43989\" target=\"_blank\" rel=\"noopener noreferrer\"><img loading=\"lazy\" decoding=\"async\" class=\"wp-image-4090 aligncenter\" src=\"https:\/\/www.ffct-codep35.org\/wp-content\/uploads\/2019\/09\/Territoir-v\u00e9lo.jpg\" alt=\"\" width=\"89\" height=\"53\"><\/a><\/p>\n<h5 style=\"text-align: center;\"><a href=\"http:\/\/www.pays-stmeenmontauban-tourisme.com\/\" target=\"_blank\" rel=\"noopener noreferrer\"><strong><span style=\"color: #339966;\">Office de tourisme du Pays de St-M\u00e9en-Montauban<\/span><\/strong><\/a><\/h5>\n<h3 style=\"text-align: center;\"><span style=\"text-decoration: underline;\">Contact<\/span><\/h3>\n<p style=\"text-align: center;\">L&rsquo;Office de Tourisme du Pays de St-M\u00e9en Montauban<\/p>\n<p style=\"text-align: center;\">5 rue de Ga\u00ebl, 35290, Saint-M\u00e9en-le-Grand<\/p>\n<p style=\"text-align: center;\"><a class=\"a-white\" href=\"tel:02 99 09 58 04\">02 99 09 58 04<\/a><\/p>\n<p style=\"text-align: center;\"><a class=\"a-white\" href=\"mailto:contact@pays-stmeenmontauban-tourisme.fr\">contact@pays-stmeenmontauban-tourisme.fr<\/a><\/p>\n<p>&nbsp;<\/p>\n<p>&nbsp;<\/p>\n<p>&nbsp;<\/p>\n","protected":false},"excerpt":{"rendered":"<p>&nbsp; Qu\u2019est-ce qu\u2019un Territoire V\u00e9lo ? C\u2019est une collectivit\u00e9 territoriale (commune, communaut\u00e9 de communes, communaut\u00e9 d\u2019agglom\u00e9ration, communaut\u00e9 urbaine et m\u00e9tropole) qui est engag\u00e9e pour la mobilit\u00e9 \u00e0 v\u00e9lo et qui favorise les pratiques de loisirs, touristiques, de d\u00e9placement quotidien\u2026 \u00catre&nbsp;Territoire V\u00e9lo, c\u2019est offrir \u00e0 la fois des am\u00e9nagements s\u00e9curis\u00e9s, des \u00e9quipements techniques (stationnements, haltes v\u00e9lo\u2026) &hellip; <\/p>\n<p><a class=\"more-link block-button\" href=\"https:\/\/www.ffct-codep35.org\/?page_id=4085\">Continue reading &raquo;<\/a><\/p>\n","protected":false},"author":1,"featured_media":0,"parent":0,"menu_order":0,"comment_status":"closed","ping_status":"closed","template":"","meta":{"ngg_post_thumbnail":0,"footnotes":""},"class_list":["post-4085","page","type-page","status-publish","hentry","nodate"],"_links":{"self":[{"href":"https:\/\/www.ffct-codep35.org\/index.php?rest_route=\/wp\/v2\/pages\/4085","targetHints":{"allow":["GET"]}}],"collection":[{"href":"https:\/\/www.ffct-codep35.org\/index.php?rest_route=\/wp\/v2\/pages"}],"about":[{"href":"https:\/\/www.ffct-codep35.org\/index.php?rest_route=\/wp\/v2\/types\/page"}],"author":[{"embeddable":true,"href":"https:\/\/www.ffct-codep35.org\/index.php?rest_route=\/wp\/v2\/users\/1"}],"replies":[{"embeddable":true,"href":"https:\/\/www.ffct-codep35.org\/index.php?rest_route=%2Fwp%2Fv2%2Fcomments&post=4085"}],"version-history":[{"count":3,"href":"https:\/\/www.ffct-codep35.org\/index.php?rest_route=\/wp\/v2\/pages\/4085\/revisions"}],"predecessor-version":[{"id":4089,"href":"https:\/\/www.ffct-codep35.org\/index.php?rest_route=\/wp\/v2\/pages\/4085\/revisions\/4089"}],"wp:attachment":[{"href":"https:\/\/www.ffct-codep35.org\/index.php?rest_route=%2Fwp%2Fv2%2Fmedia&parent=4085"}],"curies":[{"name":"wp","href":"https:\/\/api.w.org\/{rel}","templated":true}]}}