{"id":1503,"date":"2013-10-04T15:48:12","date_gmt":"2013-10-04T14:48:12","guid":{"rendered":"http:\/\/www.ffct-codep35.org\/?page_id=1503"},"modified":"2025-12-18T20:52:35","modified_gmt":"2025-12-18T19:52:35","slug":"sejour-codep-2","status":"publish","type":"page","link":"https:\/\/www.ffct-codep35.org\/?page_id=1503","title":{"rendered":"S\u00e9jours CODEP"},"content":{"rendered":"<h3 style=\"text-align: center;\"><span style=\"color: #ff0000;\">S\u00e9jour CODEP 2023&nbsp; du 6 au 13 mai 2023 \u00e0 St Genies (24)&nbsp;<\/span><\/h3>\n<p><a href=\"https:\/\/www.ffct-codep35.org\/wp-content\/uploads\/2023\/06\/St-Genies_groupe1.jpg\"><img loading=\"lazy\" decoding=\"async\" class=\"wp-image-5471 size-medium alignleft\" src=\"https:\/\/www.ffct-codep35.org\/wp-content\/uploads\/2023\/06\/St-Genies_groupe1-300x225.jpg\" alt=\"\" width=\"300\" height=\"225\" srcset=\"https:\/\/www.ffct-codep35.org\/wp-content\/uploads\/2023\/06\/St-Genies_groupe1-300x225.jpg 300w, https:\/\/www.ffct-codep35.org\/wp-content\/uploads\/2023\/06\/St-Genies_groupe1-1024x768.jpg 1024w, https:\/\/www.ffct-codep35.org\/wp-content\/uploads\/2023\/06\/St-Genies_groupe1-768x576.jpg 768w, https:\/\/www.ffct-codep35.org\/wp-content\/uploads\/2023\/06\/St-Genies_groupe1.jpg 1093w\" sizes=\"auto, (max-width: 300px) 100vw, 300px\" \/><\/a>101 participants ont pu appr\u00e9cier leur s\u00e9jour en DORDOGNE, sur le site de ST GENIES.<\/p>\n<p>Le soleil, entre 2 averses, nous a permis de d\u00e9couvrir les rives de la Dordogne, de la V\u00e9z\u00e8re et les c\u00f4tes aux alentours\u2026\u2026\u2026\u2026il faut bien quitter la vall\u00e9e.<\/p>\n<p>Bon nombre de Ch\u00e2teaux et de plus Beaux Villages de France ont pu \u00eatre visit\u00e9s. Nous sommes all\u00e9s \u00e0 la rencontre de nos anc\u00eatres pr\u00e9historiques. Certains ont pu atteindre ROCAMADOUR &#8211; COLLONGES LA ROUGE &#8211; HAUTEFORT &#8211; TURENNE<\/p>\n<p>Si cela vous tente, nous vous proposons pour l\u2019ann\u00e9e prochaine&nbsp;un s\u00e9jour du<\/p>\n<p><strong>DIMANCHE &nbsp;12\/05\/2024 au SAMEDI 18\/05\/2024<\/strong> (soit 6 nuits) au VVF de <strong>SEMUR EN AUXOIS<\/strong>, au c\u0153ur de la BOURGOGNE, \u00e0 proximit\u00e9 du Parc Naturel R\u00e9gional du MORVAN (CHABLIS &#8211; VEZELAY &#8211; AVALLON &#8211; BAZOCHES &#8211; CHATEAU CHINON &#8211; AUTUN &#8211; BEAUNE &#8211; Canal de BOURGOGNE &#8211; Plateau de LANGRES \u2013 etc\u2026\u2026\u2026\u2026\u2026.)<\/p>\n<p>&nbsp;<\/p>\n<h3 style=\"text-align: center;\"><span style=\"color: #ff0000;\">S\u00e9jour CODEP 2022&nbsp; du 7 au 14 mai 2022 \u00e0 Cambo les Bains (64)&nbsp;<\/span><\/h3>\n<p class=\"ox-c6ffb603a9-MsoNormal\">\u00ab&nbsp;QUATRE VINGT QUINZE p<a href=\"https:\/\/www.ffct-codep35.org\/wp-content\/uploads\/2022\/05\/Cambo_Groupe.jpg\" target=\"_blank\" rel=\"noopener\"><img loading=\"lazy\" decoding=\"async\" class=\"alignleft wp-image-5033 size-medium\" src=\"https:\/\/www.ffct-codep35.org\/wp-content\/uploads\/2022\/05\/Cambo_Groupe-300x225.jpg\" alt=\"\" width=\"300\" height=\"225\" srcset=\"https:\/\/www.ffct-codep35.org\/wp-content\/uploads\/2022\/05\/Cambo_Groupe-300x225.jpg 300w, https:\/\/www.ffct-codep35.org\/wp-content\/uploads\/2022\/05\/Cambo_Groupe-1024x768.jpg 1024w, https:\/\/www.ffct-codep35.org\/wp-content\/uploads\/2022\/05\/Cambo_Groupe-768x576.jpg 768w, https:\/\/www.ffct-codep35.org\/wp-content\/uploads\/2022\/05\/Cambo_Groupe.jpg 1093w\" sizes=\"auto, (max-width: 300px) 100vw, 300px\" \/><\/a>articipants se sont r\u00e9unis AU VILLAGE MILEADE de CAMBO LES BAINS. Nous avions amen\u00e9s dans nos bagages le SOLEIL, et les basques nous en remercient encore\u2026\u2026. Nous avons trouv\u00e9 sur place quelques \u00ab&nbsp;difficult\u00e9s&nbsp;\u00bb &nbsp;commun\u00e9ment &nbsp;\u00ab&nbsp;patates&nbsp;\u00bb par chez nous. Et des champs de \u00ab&nbsp;patates&nbsp;\u00bb, il y en avaient\u2026\u2026\u2026.. route des Cimes, route des Cr\u00eates.<\/p>\n<p class=\"ox-c6ffb603a9-MsoNormal\">Certains ont trouv\u00e9 la douceur du relief aupr\u00e8s de la NIVE, au terrasses des caf\u00e9s\u2026\u2026la bi\u00e8re basque a son charme.<\/p>\n<p class=\"ox-c6ffb603a9-MsoNormal\">De beaux paysages, de beaux villages, de beaux monuments,\u2026\u2026.. et chacun \u00e0 son rythme et suivant ses capacit\u00e9s et ses envies<\/p>\n<p class=\"ox-c6ffb603a9-MsoNormal\">Le plaisir d\u2019une agr\u00e9able compagnie joyeuse et color\u00e9e \u00e0 l\u2019ap\u00e9ro du soir \u2026\u2026.. l\u2019occasion pour certains de se faire remarquer (ils se reconna\u00eetront\u2026\u2026.)&nbsp;<\/p>\n<p class=\"ox-c6ffb603a9-MsoNormal\">Tous les ingr\u00e9dients qui vous laissent quelques souvenirs dans un coin de la t\u00eate.<\/p>\n<p class=\"ox-c6ffb603a9-MsoNormal\">Rendez-vous est pris pour l\u2019ann\u00e9e prochaine au <strong>Domaine de Pelvezy&nbsp;\u00e0&nbsp;&nbsp;SAINT GENIES&nbsp; (24590) du 06 Mai au 13 Mai 2023<\/strong>&nbsp;\u00bb<\/p>\n<p>&nbsp;<\/p>\n<h3>&nbsp;<\/h3>\n<h3>&nbsp;<\/h3>\n","protected":false},"excerpt":{"rendered":"<p>S\u00e9jour CODEP 2023&nbsp; du 6 au 13 mai 2023 \u00e0 St Genies (24)&nbsp; 101 participants ont pu appr\u00e9cier leur s\u00e9jour en DORDOGNE, sur le site de ST GENIES. Le soleil, entre 2 averses, nous a permis de d\u00e9couvrir les rives de la Dordogne, de la V\u00e9z\u00e8re et les c\u00f4tes aux alentours\u2026\u2026\u2026\u2026il faut bien quitter la &hellip; <\/p>\n<p><a class=\"more-link block-button\" href=\"https:\/\/www.ffct-codep35.org\/?page_id=1503\">Continue reading &raquo;<\/a><\/p>\n","protected":false},"author":1,"featured_media":0,"parent":0,"menu_order":0,"comment_status":"closed","ping_status":"closed","template":"","meta":{"ngg_post_thumbnail":0,"footnotes":""},"class_list":["post-1503","page","type-page","status-publish","hentry","nodate"],"_links":{"self":[{"href":"https:\/\/www.ffct-codep35.org\/index.php?rest_route=\/wp\/v2\/pages\/1503","targetHints":{"allow":["GET"]}}],"collection":[{"href":"https:\/\/www.ffct-codep35.org\/index.php?rest_route=\/wp\/v2\/pages"}],"about":[{"href":"https:\/\/www.ffct-codep35.org\/index.php?rest_route=\/wp\/v2\/types\/page"}],"author":[{"embeddable":true,"href":"https:\/\/www.ffct-codep35.org\/index.php?rest_route=\/wp\/v2\/users\/1"}],"replies":[{"embeddable":true,"href":"https:\/\/www.ffct-codep35.org\/index.php?rest_route=%2Fwp%2Fv2%2Fcomments&post=1503"}],"version-history":[{"count":4,"href":"https:\/\/www.ffct-codep35.org\/index.php?rest_route=\/wp\/v2\/pages\/1503\/revisions"}],"predecessor-version":[{"id":6566,"href":"https:\/\/www.ffct-codep35.org\/index.php?rest_route=\/wp\/v2\/pages\/1503\/revisions\/6566"}],"wp:attachment":[{"href":"https:\/\/www.ffct-codep35.org\/index.php?rest_route=%2Fwp%2Fv2%2Fmedia&parent=1503"}],"curies":[{"name":"wp","href":"https:\/\/api.w.org\/{rel}","templated":true}]}}